{"id":4125,"date":"2020-02-10T15:45:55","date_gmt":"2020-02-10T14:45:55","guid":{"rendered":"https:\/\/gruptort.com\/promociones\/promocion-casas-unifamiliares-la-garriga\/"},"modified":"2021-02-10T17:33:58","modified_gmt":"2021-02-10T16:33:58","slug":"habitatges-unifamiliars-obra-nova-la-garriga","status":"publish","type":"avada_portfolio","link":"https:\/\/gruptort.com\/ca\/promociones\/habitatges-unifamiliars-obra-nova-la-garriga\/","title":{"rendered":"Habitatges unifamiliars d&#8217;obra nova La Garriga"},"content":{"rendered":"<p><div class=\"fusion-fullwidth fullwidth-box fusion-builder-row-1 hundred-percent-fullwidth non-hundred-percent-height-scrolling\" style=\"--awb-background-position:center top;--awb-border-radius-top-left:0px;--awb-border-radius-top-right:0px;--awb-border-radius-bottom-right:0px;--awb-border-radius-bottom-left:0px;--awb-padding-top:0px;--awb-padding-right:0px;--awb-padding-bottom:0px;--awb-padding-left:0px;--awb-margin-top:1%;--awb-margin-bottom:2%;--awb-background-color:#c42034;--awb-flex-wrap:wrap;\" ><div class=\"fusion-builder-row fusion-row\"><div class=\"fusion-layout-column fusion_builder_column fusion-builder-column-0 fusion_builder_column_1_1 1_1 fusion-one-full fusion-column-first fusion-column-last\" style=\"--awb-padding-top:0px;--awb-padding-right:0px;--awb-padding-bottom:0px;--awb-padding-left:0px;--awb-bg-color:rgba(196,32,52,0.85);--awb-bg-color-hover:rgba(196,32,52,0.85);--awb-bg-blend:lighten;--awb-bg-size:cover;\"><div class=\"fusion-column-wrapper fusion-column-has-shadow fusion-flex-column-wrapper-legacy\"><div class=\"fusion-sep-clear\"><\/div><div class=\"fusion-separator fusion-full-width-sep\" style=\"margin-left: auto;margin-right: auto;margin-top:1%;margin-bottom:1%;width:100%;\"><\/div><div class=\"fusion-sep-clear\"><\/div><div class=\"fusion-text fusion-text-1\"><h1 style=\"text-align: center;\"><span style=\"color: #ffffff;\"><strong>Promoci\u00f3 d&#8217;habitatges unifamiliars a La Garriga<\/strong><\/span><\/h1>\n<\/div><div class=\"fusion-clearfix\"><\/div><\/div><\/div><\/div><\/div><div class=\"fusion-fullwidth fullwidth-box fusion-builder-row-2 nonhundred-percent-fullwidth non-hundred-percent-height-scrolling\" style=\"--awb-border-radius-top-left:0px;--awb-border-radius-top-right:0px;--awb-border-radius-bottom-right:0px;--awb-border-radius-bottom-left:0px;--awb-padding-top:2%;--awb-padding-bottom:2%;--awb-flex-wrap:wrap;\" ><div class=\"fusion-builder-row fusion-row\"><div class=\"fusion-layout-column fusion_builder_column fusion-builder-column-1 fusion_builder_column_1_1 1_1 fusion-one-full fusion-column-first fusion-column-last\" style=\"--awb-padding-top:0px;--awb-padding-right:5%;--awb-padding-bottom:0px;--awb-padding-left:5%;--awb-bg-size:cover;\"><div class=\"fusion-column-wrapper fusion-column-has-shadow fusion-flex-column-wrapper-legacy\"><div class=\"fusion-text fusion-text-2 justificado\"><p><strong>Hem iniciat la promoci\u00f3 de vivendes unifamiliars a La Garriga.<\/strong><\/p>\n<\/div><div class=\"fusion-content-boxes content-boxes columns row fusion-columns-1 fusion-columns-total-1 fusion-content-boxes-1 content-boxes-icon-on-side content-left\" style=\"--awb-iconcolor:#c42034;--awb-margin-top:0px;--awb-margin-bottom:0px;--awb-hover-accent-color:#333333;--awb-circle-hover-accent-color:transparent;--awb-item-margin-bottom:40px;\" data-animationOffset=\"top-into-view\"><div style=\"--awb-backgroundcolor:rgba(255,255,255,0);--awb-iconcolor:#c42034;--awb-content-padding-left:40px;\" class=\"fusion-column content-box-column content-box-column content-box-column-1 col-lg-12 col-md-12 col-sm-12 fusion-content-box-hover content-box-column-last content-box-column-last-in-row\"><div class=\"col content-box-wrapper content-wrapper link-area-link-icon icon-hover-animation-none\" data-animationOffset=\"top-into-view\"><div class=\"heading heading-with-icon icon-left\"><div class=\"icon\"><i style=\"background-color:transparent;border-color:transparent;height:auto;width: 20px;line-height:normal;font-size:20px;\" aria-hidden=\"true\" class=\"fontawesome-icon fa-map far circle-no\"><\/i><\/div><h2 class=\"content-box-heading fusion-responsive-typography-calculated\" style=\"--h2_typography-font-size:20px;--fontSize:20;line-height:1.31;padding-left:40px;\">Direcci\u00f3<\/h2><\/div><div class=\"fusion-clearfix\"><\/div><div class=\"content-container\">C\/ Santa Maria del Cam\u00ed, esquina C\/ Font d\u2019en Mau. Urbanizaci\u00f3n Can Tarr\u00e9s. La Garriga 08530<\/div><\/div><\/div><div class=\"fusion-clearfix\"><\/div><\/div><div class=\"fusion-image-element fusion-image-align-center in-legacy-container\" style=\"text-align:center;--awb-caption-title-font-family:var(--h2_typography-font-family);--awb-caption-title-font-weight:var(--h2_typography-font-weight);--awb-caption-title-font-style:var(--h2_typography-font-style);--awb-caption-title-size:var(--h2_typography-font-size);--awb-caption-title-transform:var(--h2_typography-text-transform);--awb-caption-title-line-height:var(--h2_typography-line-height);--awb-caption-title-letter-spacing:var(--h2_typography-letter-spacing);\"><div class=\"imageframe-align-center\"><span class=\" fusion-imageframe imageframe-glow imageframe-1 hover-type-zoomout\" style=\"-webkit-box-shadow: 0 0 3px rgba(51,51,51,0.3);box-shadow: 0 0 3px rgba(51,51,51,0.3);\"><img decoding=\"async\" width=\"1200\" height=\"678\" alt=\"Habitatges unifamiliars a la Garriga\" title=\"Habitatges unifamiliars a la Garriga\" src=\"https:\/\/gruptort.com\/wp-content\/uploads\/promocion-casas-unifamiliares-la-garriga-cat.jpg\" data-orig-src=\"https:\/\/gruptort.com\/wp-content\/uploads\/promocion-casas-unifamiliares-la-garriga-cat.jpg\" class=\"lazyload img-responsive wp-image-5086\" srcset=\"data:image\/svg+xml,%3Csvg%20xmlns%3D%27http%3A%2F%2Fwww.w3.org%2F2000%2Fsvg%27%20width%3D%271200%27%20height%3D%27678%27%20viewBox%3D%270%200%201200%20678%27%3E%3Crect%20width%3D%271200%27%20height%3D%27678%27%20fill-opacity%3D%220%22%2F%3E%3C%2Fsvg%3E\" data-srcset=\"https:\/\/gruptort.com\/wp-content\/uploads\/promocion-casas-unifamiliares-la-garriga-cat-200x113.jpg 200w, https:\/\/gruptort.com\/wp-content\/uploads\/promocion-casas-unifamiliares-la-garriga-cat-400x226.jpg 400w, https:\/\/gruptort.com\/wp-content\/uploads\/promocion-casas-unifamiliares-la-garriga-cat-600x339.jpg 600w, https:\/\/gruptort.com\/wp-content\/uploads\/promocion-casas-unifamiliares-la-garriga-cat-800x452.jpg 800w, https:\/\/gruptort.com\/wp-content\/uploads\/promocion-casas-unifamiliares-la-garriga-cat.jpg 1200w\" data-sizes=\"auto\" data-orig-sizes=\"(max-width: 720px) 100vw, 1200px\" \/><\/span><\/div><\/div><div class=\"fusion-image-carousel fusion-image-carousel-auto fusion-image-carousel-1 lightbox-enabled fusion-carousel-border\"><div class=\"awb-carousel awb-swiper awb-swiper-carousel awb-carousel--carousel awb-swiper-dots-position-bottom\" data-layout=\"carousel\" data-autoplay=\"yes\" data-autoplayspeed=\"3000\" data-autoplaypause=\"no\" data-loop=\"yes\" data-columns=\"5\" data-columnsmedium=\"1\" data-columnssmall=\"1\" data-itemmargin=\"2\" data-itemwidth=\"180\" data-touchscroll=\"no\" data-freemode=\"no\" data-imagesize=\"auto\" data-scrollitems=\"0\" data-centeredslides=\"no\" data-rotationangle=\"50\" data-depth=\"100\" data-speed=\"500\" data-shadow=\"no\" data-pagination=\"bullets\" style=\"--awb-column-spacing:2px;--awb-border-width:1px;--awb-border-color:#e9eaee;\"><div class=\"swiper-wrapper awb-image-carousel-wrapper fusion-flex-align-items-center\"><div class=\"swiper-slide\"><div class=\"fusion-carousel-item-wrapper\"><div class=\"fusion-image-wrapper hover-type-zoomout\"><a data-rel=\"iLightbox[image_carousel_1]\" data-caption=\"Promoci\u00f3n casas unifamiliares en La Garriga\" data-title=\"promocion-casas-unifamiliares-la-garriga-3\" aria-label=\"promocion-casas-unifamiliares-la-garriga-3\" href=\"https:\/\/gruptort.com\/wp-content\/uploads\/promocion-casas-unifamiliares-la-garriga-3.jpg\" target=\"_self\"><img decoding=\"async\" width=\"1300\" height=\"735\" src=\"https:\/\/gruptort.com\/wp-content\/uploads\/promocion-casas-unifamiliares-la-garriga-3.jpg\" class=\"attachment-full size-full lazyload\" alt=\"Promoci\u00f3n casas unifamiliares en La Garriga\" srcset=\"data:image\/svg+xml,%3Csvg%20xmlns%3D%27http%3A%2F%2Fwww.w3.org%2F2000%2Fsvg%27%20width%3D%271300%27%20height%3D%27735%27%20viewBox%3D%270%200%201300%20735%27%3E%3Crect%20width%3D%271300%27%20height%3D%27735%27%20fill-opacity%3D%220%22%2F%3E%3C%2Fsvg%3E\" data-orig-src=\"https:\/\/gruptort.com\/wp-content\/uploads\/promocion-casas-unifamiliares-la-garriga-3.jpg\" data-srcset=\"https:\/\/gruptort.com\/wp-content\/uploads\/promocion-casas-unifamiliares-la-garriga-3-200x113.jpg 200w, https:\/\/gruptort.com\/wp-content\/uploads\/promocion-casas-unifamiliares-la-garriga-3-400x226.jpg 400w, https:\/\/gruptort.com\/wp-content\/uploads\/promocion-casas-unifamiliares-la-garriga-3-600x339.jpg 600w, https:\/\/gruptort.com\/wp-content\/uploads\/promocion-casas-unifamiliares-la-garriga-3-800x452.jpg 800w, https:\/\/gruptort.com\/wp-content\/uploads\/promocion-casas-unifamiliares-la-garriga-3-1200x678.jpg 1200w, https:\/\/gruptort.com\/wp-content\/uploads\/promocion-casas-unifamiliares-la-garriga-3.jpg 1300w\" data-sizes=\"auto\" \/><\/a><\/div><\/div><\/div><div class=\"swiper-slide\"><div class=\"fusion-carousel-item-wrapper\"><div class=\"fusion-image-wrapper hover-type-zoomout\"><a data-rel=\"iLightbox[image_carousel_1]\" data-caption=\"Promoci\u00f3n casas unifamiliares en La Garriga\" data-title=\"promocion-casas-unifamiliares-la-garriga-5\" aria-label=\"promocion-casas-unifamiliares-la-garriga-5\" href=\"https:\/\/gruptort.com\/wp-content\/uploads\/promocion-casas-unifamiliares-la-garriga-5.jpg\" target=\"_self\"><img decoding=\"async\" width=\"1300\" height=\"735\" src=\"https:\/\/gruptort.com\/wp-content\/uploads\/promocion-casas-unifamiliares-la-garriga-5.jpg\" class=\"attachment-full size-full lazyload\" alt=\"Promoci\u00f3n casas unifamiliares en La Garriga\" srcset=\"data:image\/svg+xml,%3Csvg%20xmlns%3D%27http%3A%2F%2Fwww.w3.org%2F2000%2Fsvg%27%20width%3D%271300%27%20height%3D%27735%27%20viewBox%3D%270%200%201300%20735%27%3E%3Crect%20width%3D%271300%27%20height%3D%27735%27%20fill-opacity%3D%220%22%2F%3E%3C%2Fsvg%3E\" data-orig-src=\"https:\/\/gruptort.com\/wp-content\/uploads\/promocion-casas-unifamiliares-la-garriga-5.jpg\" data-srcset=\"https:\/\/gruptort.com\/wp-content\/uploads\/promocion-casas-unifamiliares-la-garriga-5-200x113.jpg 200w, https:\/\/gruptort.com\/wp-content\/uploads\/promocion-casas-unifamiliares-la-garriga-5-400x226.jpg 400w, https:\/\/gruptort.com\/wp-content\/uploads\/promocion-casas-unifamiliares-la-garriga-5-600x339.jpg 600w, https:\/\/gruptort.com\/wp-content\/uploads\/promocion-casas-unifamiliares-la-garriga-5-800x452.jpg 800w, https:\/\/gruptort.com\/wp-content\/uploads\/promocion-casas-unifamiliares-la-garriga-5-1200x678.jpg 1200w, https:\/\/gruptort.com\/wp-content\/uploads\/promocion-casas-unifamiliares-la-garriga-5.jpg 1300w\" data-sizes=\"auto\" \/><\/a><\/div><\/div><\/div><div class=\"swiper-slide\"><div class=\"fusion-carousel-item-wrapper\"><div class=\"fusion-image-wrapper hover-type-zoomout\"><a data-rel=\"iLightbox[image_carousel_1]\" data-caption=\"Promoci\u00f3n casas unifamiliares en La Garriga\" data-title=\"promocion-casas-unifamiliares-la-garriga-2\" aria-label=\"promocion-casas-unifamiliares-la-garriga-2\" href=\"https:\/\/gruptort.com\/wp-content\/uploads\/promocion-casas-unifamiliares-la-garriga-2.jpg\" target=\"_self\"><img decoding=\"async\" width=\"1300\" height=\"735\" src=\"https:\/\/gruptort.com\/wp-content\/uploads\/promocion-casas-unifamiliares-la-garriga-2.jpg\" class=\"attachment-full size-full lazyload\" alt=\"Promoci\u00f3n casas unifamiliares en La Garriga\" srcset=\"data:image\/svg+xml,%3Csvg%20xmlns%3D%27http%3A%2F%2Fwww.w3.org%2F2000%2Fsvg%27%20width%3D%271300%27%20height%3D%27735%27%20viewBox%3D%270%200%201300%20735%27%3E%3Crect%20width%3D%271300%27%20height%3D%27735%27%20fill-opacity%3D%220%22%2F%3E%3C%2Fsvg%3E\" data-orig-src=\"https:\/\/gruptort.com\/wp-content\/uploads\/promocion-casas-unifamiliares-la-garriga-2.jpg\" data-srcset=\"https:\/\/gruptort.com\/wp-content\/uploads\/promocion-casas-unifamiliares-la-garriga-2-200x113.jpg 200w, https:\/\/gruptort.com\/wp-content\/uploads\/promocion-casas-unifamiliares-la-garriga-2-400x226.jpg 400w, https:\/\/gruptort.com\/wp-content\/uploads\/promocion-casas-unifamiliares-la-garriga-2-600x339.jpg 600w, https:\/\/gruptort.com\/wp-content\/uploads\/promocion-casas-unifamiliares-la-garriga-2-800x452.jpg 800w, https:\/\/gruptort.com\/wp-content\/uploads\/promocion-casas-unifamiliares-la-garriga-2-1200x678.jpg 1200w, https:\/\/gruptort.com\/wp-content\/uploads\/promocion-casas-unifamiliares-la-garriga-2.jpg 1300w\" data-sizes=\"auto\" \/><\/a><\/div><\/div><\/div><div class=\"swiper-slide\"><div class=\"fusion-carousel-item-wrapper\"><div class=\"fusion-image-wrapper hover-type-zoomout\"><a data-rel=\"iLightbox[image_carousel_1]\" data-caption=\"Promoci\u00f3n casas unifamiliares en La Garriga\" data-title=\"promocion-casas-unifamiliares-la-garriga-4\" aria-label=\"promocion-casas-unifamiliares-la-garriga-4\" href=\"https:\/\/gruptort.com\/wp-content\/uploads\/promocion-casas-unifamiliares-la-garriga-4.jpg\" target=\"_self\"><img decoding=\"async\" width=\"1300\" height=\"735\" src=\"https:\/\/gruptort.com\/wp-content\/uploads\/promocion-casas-unifamiliares-la-garriga-4.jpg\" class=\"attachment-full size-full lazyload\" alt=\"Promoci\u00f3n casas unifamiliares en La Garriga\" srcset=\"data:image\/svg+xml,%3Csvg%20xmlns%3D%27http%3A%2F%2Fwww.w3.org%2F2000%2Fsvg%27%20width%3D%271300%27%20height%3D%27735%27%20viewBox%3D%270%200%201300%20735%27%3E%3Crect%20width%3D%271300%27%20height%3D%27735%27%20fill-opacity%3D%220%22%2F%3E%3C%2Fsvg%3E\" data-orig-src=\"https:\/\/gruptort.com\/wp-content\/uploads\/promocion-casas-unifamiliares-la-garriga-4.jpg\" data-srcset=\"https:\/\/gruptort.com\/wp-content\/uploads\/promocion-casas-unifamiliares-la-garriga-4-200x113.jpg 200w, https:\/\/gruptort.com\/wp-content\/uploads\/promocion-casas-unifamiliares-la-garriga-4-400x226.jpg 400w, https:\/\/gruptort.com\/wp-content\/uploads\/promocion-casas-unifamiliares-la-garriga-4-600x339.jpg 600w, https:\/\/gruptort.com\/wp-content\/uploads\/promocion-casas-unifamiliares-la-garriga-4-800x452.jpg 800w, https:\/\/gruptort.com\/wp-content\/uploads\/promocion-casas-unifamiliares-la-garriga-4-1200x678.jpg 1200w, https:\/\/gruptort.com\/wp-content\/uploads\/promocion-casas-unifamiliares-la-garriga-4.jpg 1300w\" data-sizes=\"auto\" \/><\/a><\/div><\/div><\/div><\/div><div class=\"awb-swiper-button awb-swiper-button-prev\"><i class=\"awb-icon-angle-left\" aria-hidden=\"true\"><\/i><\/div><div class=\"awb-swiper-button awb-swiper-button-next\"><i class=\"awb-icon-angle-right\" aria-hidden=\"true\"><\/i><\/div><\/div><\/div><div class=\"fusion-clearfix\"><\/div><\/div><\/div><div class=\"fusion-layout-column fusion_builder_column fusion-builder-column-2 fusion_builder_column_3_4 3_4 fusion-three-fourth fusion-column-first\" style=\"--awb-padding-right-small:2%;--awb-padding-left-small:2%;--awb-bg-size:cover;width:75%;width:calc(75% - ( ( 4% ) * 0.75 ) );margin-right: 4%;\"><div class=\"fusion-column-wrapper fusion-column-has-shadow fusion-flex-column-wrapper-legacy\"><div class=\"fusion-text fusion-text-3\"><p>Habitatges unifamiliars a tres vents.<\/p>\n<p>Propietat vertical, sense divisi\u00f3 de la propietat horitzontal, sense comunitats de propietaris, ni elements comuns a compartir.<\/p>\n<p>CERTIFICACI\u00d3 ENERG\u00c8TICA A<br \/>\nSistema de generaci\u00f3 d\u2019aigua calenta per aerot\u00e8rmia.<\/p>\n<p>Calefacci\u00f3 per terra radiant, a m\u00e9s de conductes d\u2019aire fred i calor en cada estan\u00e7a de l\u2019habitatge.<\/p>\n<p>Tres habitacions m\u00e9s estudi o quatre habitacions.<\/p>\n<p>Habitaci\u00f3 suite amb bany complet i zona vestidor.<\/p>\n<p>La cuina pot ser independent del menjador o compartir una mateixa estan\u00e7a amb sistema d\u2019espais oberts.<\/p>\n<p>El sostre de la planta primera \u00e9s d\u2019altura lliure amb bigues de fusta d\u2019avet laminat.<\/p>\n<p>La fusteria exterior \u00e9s d\u2019alumini de la marca Technal, amb doble vidre i trencament de pont t\u00e8rmic.<br \/>\nPersianes d\u2019alumini motoritzades.<\/p>\n<p>P\u00e8rgoles de fusta opcionals.<\/p>\n<p>Piscina individual de cada habitatge, opcional.<\/p>\n<p>Dip\u00f2sit soterrat en el jard\u00ed per la recollida i aprofitament de les aig\u00fces pluvials pel rec.<\/p>\n<p><span style=\"color: #c42034;\"><strong>PREU A PARTIR DE 445.000 + 10% Iva <\/strong><\/span><\/p>\n<p><strong>DATA PREVISTA D\u2019ENTREGA: JULIOL\/AGOST 2021<\/strong><\/p>\n<\/div><div class=\"fusion-sep-clear\"><\/div><div class=\"fusion-separator fusion-full-width-sep\" style=\"margin-left: auto;margin-right: auto;margin-top:1%;margin-bottom:1%;width:100%;\"><\/div><div class=\"fusion-sep-clear\"><\/div><div class=\"fusion-builder-row fusion-builder-row-inner fusion-row\"><div class=\"fusion-layout-column fusion_builder_column_inner fusion-builder-nested-column-0 fusion_builder_column_inner_1_2 1_2 fusion-one-half fusion-column-first\" style=\"--awb-bg-size:cover;width:50%;width:calc(50% - ( ( 4% ) * 0.5 ) );margin-right: 4%;\"><div class=\"fusion-column-wrapper fusion-column-has-shadow fusion-flex-column-wrapper-legacy\"><div class=\"fusion-text fusion-text-4\"><p><strong>Mem\u00f2ria de qualitats<\/strong><\/p>\n<\/div><div class=\"fusion-button-wrapper\"><a class=\"fusion-button button-flat fusion-button-default-size button-default fusion-button-default button-1 fusion-button-default-span fusion-button-default-type\" style=\"--awb-margin-bottom:32px;\" target=\"_blank\" rel=\"noopener noreferrer\" href=\"\/ficheros\/Memoria-de-qualitat-i-acabats-constructius-6 -cases-La-Garriga.pdf\"><span class=\"fusion-button-text awb-button__text awb-button__text--default\">Descarregar<\/span><\/a><\/div><div class=\"fusion-clearfix\"><\/div><\/div><\/div><div class=\"fusion-layout-column fusion_builder_column_inner fusion-builder-nested-column-1 fusion_builder_column_inner_1_2 1_2 fusion-one-half fusion-column-last\" style=\"--awb-bg-size:cover;width:50%;width:calc(50% - ( ( 4% ) * 0.5 ) );\"><div class=\"fusion-column-wrapper fusion-column-has-shadow fusion-flex-column-wrapper-legacy\"><div class=\"fusion-text fusion-text-5\"><p><strong>Planols<\/strong><\/p>\n<\/div><div class=\"fusion-button-wrapper\"><a class=\"fusion-button button-flat fusion-button-default-size button-default fusion-button-default button-2 fusion-button-default-span fusion-button-default-type\" style=\"--awb-margin-bottom:32px;\" target=\"_blank\" rel=\"noopener noreferrer\" href=\"\/ficheros\/PLANOLS-6-CASES-CAN-TARRES-LA-%20GARRIGA.pdf\"><span class=\"fusion-button-text awb-button__text awb-button__text--default\">Descarregar<\/span><\/a><\/div><div class=\"fusion-clearfix\"><\/div><\/div><\/div><\/div><div class=\"fusion-clearfix\"><\/div><\/div><\/div><div class=\"fusion-layout-column fusion_builder_column fusion-builder-column-3 fusion_builder_column_1_4 1_4 fusion-one-fourth fusion-column-last\" style=\"--awb-padding-top:10%;--awb-padding-right:10%;--awb-padding-bottom:0%;--awb-padding-left:10%;--awb-bg-color:#71000e;--awb-bg-color-hover:#71000e;--awb-bg-blend:overlay;--awb-bg-size:cover;--awb-filter:saturate(100%);--awb-filter-transition:filter 0.3s ease;--awb-filter-hover:saturate(0%);width:25%;width:calc(25% - ( ( 4% ) * 0.25 ) );\"><div class=\"fusion-column-wrapper lazyload fusion-column-has-shadow fusion-flex-column-wrapper-legacy fusion-column-has-bg-image\" data-bg-url=\"\/wp-content\/uploads\/lagarrigapromocion.jpg\" data-bg=\"\/wp-content\/uploads\/lagarrigapromocion.jpg\"><div class=\"fusion-content-boxes content-boxes columns row fusion-columns-1 fusion-columns-total-2 fusion-content-boxes-2 content-boxes-icon-with-title content-left categoria\" style=\"--awb-body-color:#ffffff;--awb-title-color:#ffffff;--awb-margin-top:0px;--awb-margin-bottom:0px;--awb-hover-accent-color:#c42034;--awb-circle-hover-accent-color:#c42034;--awb-item-margin-bottom:40px;\" data-animationOffset=\"top-into-view\"><div style=\"--awb-backgroundcolor:rgba(255,255,255,0);\" class=\"fusion-column content-box-column content-box-column content-box-column-1 col-lg-12 col-md-12 col-sm-12 fusion-content-box-hover content-box-column-last-in-row\"><div class=\"col content-box-wrapper content-wrapper link-area-link-icon icon-hover-animation-pulsate\" data-animationOffset=\"top-into-view\"><div class=\"heading icon-left\"><h2 class=\"content-box-heading fusion-responsive-typography-calculated\" style=\"--h2_typography-font-size:20px;--fontSize:20;line-height:1.31;\">Categoria<\/h2><\/div><div class=\"fusion-clearfix\"><\/div><div class=\"content-container\">\n<p>Casa<\/p>\n<\/div><\/div><\/div><div style=\"--awb-backgroundcolor:rgba(255,255,255,0);\" class=\"fusion-column content-box-column content-box-column content-box-column-2 col-lg-12 col-md-12 col-sm-12 fusion-content-box-hover content-box-column-last content-box-column-last-in-row\"><div class=\"col content-box-wrapper content-wrapper link-area-link-icon icon-hover-animation-pulsate\" data-animationOffset=\"top-into-view\"><div class=\"heading icon-left\"><h2 class=\"content-box-heading fusion-responsive-typography-calculated\" style=\"--h2_typography-font-size:20px;--fontSize:20;line-height:1.31;\">Ubicaci\u00f3<\/h2><\/div><div class=\"fusion-clearfix\"><\/div><div class=\"content-container\">C\/ Santa Maria del Cam\u00ed, esquina C\/ Font d\u2019en Mau. Urbanizaci\u00f3n Can Tarr\u00e9s. La Garriga 08530<\/div><\/div><\/div><div class=\"fusion-clearfix\"><\/div><\/div><div class=\"fusion-clearfix\"><\/div><\/div><\/div><\/div><\/div><div class=\"fusion-fullwidth fullwidth-box fusion-builder-row-3 fusion-parallax-none hundred-percent-fullwidth non-hundred-percent-height-scrolling fusion-no-medium-visibility fusion-no-large-visibility lazyload\" style=\"--awb-background-blend-mode:color-dodge;--awb-border-radius-top-left:0px;--awb-border-radius-top-right:0px;--awb-border-radius-bottom-right:0px;--awb-border-radius-bottom-left:0px;--awb-padding-top:5%;--awb-padding-bottom:5%;--awb-margin-top:0px;--awb-margin-bottom:0px;--awb-background-color:rgba(255,255,255,0.54);--awb-background-image:linear-gradient(180deg, rgba(237,237,237,0.85) 0%,rgba(255,255,255,0) 100%);;--awb-background-size:cover;--awb-flex-wrap:wrap;\" data-bg=\"\/wp-content\/uploads\/calidad-garantizada.jpg\" data-bg-gradient=\"linear-gradient(180deg, rgba(237,237,237,0.85) 0%,rgba(255,255,255,0) 100%)\" ><div class=\"fusion-builder-row fusion-row\"><div class=\"fusion-layout-column fusion_builder_column fusion-builder-column-4 fusion_builder_column_1_1 1_1 fusion-one-full fusion-column-first fusion-column-last\" style=\"--awb-padding-top:1%;--awb-padding-right:5%;--awb-padding-bottom:3%;--awb-padding-left:5%;--awb-bg-size:cover;\"><div class=\"fusion-column-wrapper fusion-column-has-shadow fusion-flex-column-wrapper-legacy\"><div class=\"fusion-column-content-centered\"><div class=\"fusion-column-content\"><div class=\"fusion-title title fusion-title-1 fusion-sep-none fusion-title-center fusion-title-text fusion-title-size-two\" style=\"--awb-text-color:#000000;--awb-margin-top-small:0px;--awb-margin-right-small:0px;--awb-margin-bottom-small:20px;--awb-margin-left-small:0px;--awb-font-size:22px;\"><h2 class=\"fusion-title-heading title-heading-center fusion-responsive-typography-calculated\" style=\"margin:0;font-size:1em;--fontSize:22;--minFontSize:22;line-height:1.31;\">Si est\u00e0s buscant habitatge, casa o local aposta per l&#8217;experi\u00e8ncia i la solv\u00e8ncia d&#8217;un grup familiar de confian\u00e7a.<\/h2><\/div><div class=\"fusion-button-wrapper fusion-aligncenter\"><a class=\"fusion-button button-flat fusion-button-default-size button-default fusion-button-default button-3 fusion-button-default-span fusion-button-default-type\" target=\"_self\" href=\"\/ca\/promotors-immobiliaris-i-constructors\/\"><span class=\"fusion-button-text awb-button__text awb-button__text--default\">Contacta amb nosaltres<\/span><\/a><\/div><\/div><\/div><div class=\"fusion-clearfix\"><\/div><\/div><\/div><\/div><\/div><div class=\"fusion-fullwidth fullwidth-box fusion-builder-row-4 fusion-parallax-none hundred-percent-fullwidth non-hundred-percent-height-scrolling fusion-no-small-visibility lazyload\" style=\"--awb-background-blend-mode:color-dodge;--awb-border-radius-top-left:0px;--awb-border-radius-top-right:0px;--awb-border-radius-bottom-right:0px;--awb-border-radius-bottom-left:0px;--awb-padding-top:5%;--awb-padding-bottom:5%;--awb-margin-top:0px;--awb-margin-bottom:0px;--awb-background-color:rgba(255,255,255,0.54);--awb-background-image:linear-gradient(180deg, rgba(237,237,237,0.85) 0%,rgba(255,255,255,0) 100%);;--awb-background-size:cover;--awb-flex-wrap:wrap;\" data-bg=\"\/wp-content\/uploads\/calidad-garantizada.jpg\" data-bg-gradient=\"linear-gradient(180deg, rgba(237,237,237,0.85) 0%,rgba(255,255,255,0) 100%)\" ><div class=\"fusion-builder-row fusion-row\"><div class=\"fusion-layout-column fusion_builder_column fusion-builder-column-5 fusion_builder_column_1_1 1_1 fusion-one-full fusion-column-first fusion-column-last\" style=\"--awb-padding-top:1%;--awb-padding-right:5%;--awb-padding-bottom:3%;--awb-padding-left:5%;--awb-bg-size:cover;\"><div class=\"fusion-column-wrapper fusion-column-has-shadow fusion-flex-column-wrapper-legacy\"><div class=\"fusion-column-content-centered\"><div class=\"fusion-column-content\"><div class=\"fusion-title title fusion-title-2 fusion-sep-none fusion-title-center fusion-title-highlight fusion-animate-loop fusion-highlight-underline fusion-title-size-two\" style=\"--awb-text-color:#1e1e1e;--awb-highlight-top-margin:6px;--awb-highlight-width:6;--awb-margin-top-small:0px;--awb-margin-right-small:0px;--awb-margin-bottom-small:20px;--awb-margin-left-small:0px;--awb-font-size:22px;\" data-highlight=\"underline\"><h2 class=\"fusion-title-heading title-heading-center fusion-responsive-typography-calculated\" style=\"margin:0;font-size:1em;--fontSize:22;--minFontSize:22;line-height:1.31;\"><span class=\"fusion-highlighted-text-prefix\">Si est\u00e0s buscant vivenda, casa o local <\/span> <span class=\"fusion-highlighted-text-wrapper\"><span class=\"fusion-highlighted-text\">aposta per l'experi\u00e8ncia i la solv\u00e8ncia <\/span><svg xmlns=\"http:\/\/www.w3.org\/2000\/svg\" viewBox=\"0 0 500 150\" preserveAspectRatio=\"none\"><path d=\"M8.1,146.2c0,0,240.6-55.6,479-13.8\"><\/path><\/svg><\/span> <span class=\"fusion-highlighted-text-postfix\">d'un grup familiar de confian\u00e7a.<\/span><\/h2><\/div><div class=\"fusion-sep-clear\"><\/div><div class=\"fusion-separator fusion-full-width-sep\" style=\"margin-left: auto;margin-right: auto;margin-top:1%;margin-bottom:1%;width:100%;\"><\/div><div class=\"fusion-sep-clear\"><\/div><div class=\"fusion-button-wrapper fusion-aligncenter\"><a class=\"fusion-button button-flat fusion-button-default-size button-default fusion-button-default button-4 fusion-button-default-span fusion-button-default-type\" target=\"_blank\" rel=\"noopener noreferrer\" href=\"\/ca\/promotors-immobiliaris-i-constructors\/\"><span class=\"fusion-button-text awb-button__text awb-button__text--default\">Contacta amb Nosaltres<\/span><\/a><\/div><\/div><\/div><div class=\"fusion-clearfix\"><\/div><\/div><\/div><\/div><\/div><\/p>\n","protected":false},"excerpt":{"rendered":"","protected":false},"author":1,"featured_media":5099,"menu_order":0,"comment_status":"closed","ping_status":"closed","template":"","format":"standard","meta":{"footnotes":""},"portfolio_category":[71],"portfolio_skills":[],"portfolio_tags":[],"class_list":["post-4125","avada_portfolio","type-avada_portfolio","status-publish","format-standard","has-post-thumbnail","hentry","portfolio_category-promocions-residencials-en-venda"],"yoast_head":"<!-- This site is optimized with the Yoast SEO plugin v27.4 - https:\/\/yoast.com\/product\/yoast-seo-wordpress\/ -->\n<title>Promoci\u00f3 cases unifamiliars La Garriga<\/title>\n<meta name=\"description\" content=\"Grup Tort els ofereix l&#039;oportunitat de viure en una destacada zona de La Garriga. En breu afegirem m\u00e9s informaci\u00f3 de la promoci\u00f3.\" \/>\n<meta name=\"robots\" content=\"index, follow, max-snippet:-1, max-image-preview:large, max-video-preview:-1\" \/>\n<link rel=\"canonical\" href=\"https:\/\/gruptort.com\/ca\/promociones\/habitatges-unifamiliars-obra-nova-la-garriga\/\" \/>\n<meta property=\"og:locale\" content=\"ca_ES\" \/>\n<meta property=\"og:type\" content=\"article\" \/>\n<meta property=\"og:title\" content=\"Promoci\u00f3 cases unifamiliars La Garriga\" \/>\n<meta property=\"og:description\" content=\"Grup Tort els ofereix l&#039;oportunitat de viure en una destacada zona de La Garriga. En breu afegirem m\u00e9s informaci\u00f3 de la promoci\u00f3.\" \/>\n<meta property=\"og:url\" content=\"https:\/\/gruptort.com\/ca\/promociones\/habitatges-unifamiliars-obra-nova-la-garriga\/\" \/>\n<meta property=\"og:site_name\" content=\"Grup Tort\" \/>\n<meta property=\"article:modified_time\" content=\"2021-02-10T16:33:58+00:00\" \/>\n<meta property=\"og:image\" content=\"https:\/\/gruptort.com\/wp-content\/uploads\/promocion-casas-unifamiliares-la-garriga-ext-cat.jpg\" \/>\n\t<meta property=\"og:image:width\" content=\"600\" \/>\n\t<meta property=\"og:image:height\" content=\"337\" \/>\n\t<meta property=\"og:image:type\" content=\"image\/jpeg\" \/>\n<meta name=\"twitter:card\" content=\"summary_large_image\" \/>\n<meta name=\"twitter:label1\" content=\"Temps estimat de lectura\" \/>\n\t<meta name=\"twitter:data1\" content=\"23 minuts\" \/>\n<script type=\"application\/ld+json\" class=\"yoast-schema-graph\">{\"@context\":\"https:\\\/\\\/schema.org\",\"@graph\":[{\"@type\":\"WebPage\",\"@id\":\"https:\\\/\\\/gruptort.com\\\/ca\\\/promociones\\\/habitatges-unifamiliars-obra-nova-la-garriga\\\/\",\"url\":\"https:\\\/\\\/gruptort.com\\\/ca\\\/promociones\\\/habitatges-unifamiliars-obra-nova-la-garriga\\\/\",\"name\":\"Promoci\u00f3 cases unifamiliars La Garriga\",\"isPartOf\":{\"@id\":\"https:\\\/\\\/gruptort.com\\\/#website\"},\"primaryImageOfPage\":{\"@id\":\"https:\\\/\\\/gruptort.com\\\/ca\\\/promociones\\\/habitatges-unifamiliars-obra-nova-la-garriga\\\/#primaryimage\"},\"image\":{\"@id\":\"https:\\\/\\\/gruptort.com\\\/ca\\\/promociones\\\/habitatges-unifamiliars-obra-nova-la-garriga\\\/#primaryimage\"},\"thumbnailUrl\":\"https:\\\/\\\/gruptort.com\\\/wp-content\\\/uploads\\\/promocion-casas-unifamiliares-la-garriga-ext-cat.jpg\",\"datePublished\":\"2020-02-10T14:45:55+00:00\",\"dateModified\":\"2021-02-10T16:33:58+00:00\",\"description\":\"Grup Tort els ofereix l'oportunitat de viure en una destacada zona de La Garriga. En breu afegirem m\u00e9s informaci\u00f3 de la promoci\u00f3.\",\"breadcrumb\":{\"@id\":\"https:\\\/\\\/gruptort.com\\\/ca\\\/promociones\\\/habitatges-unifamiliars-obra-nova-la-garriga\\\/#breadcrumb\"},\"inLanguage\":\"ca\",\"potentialAction\":[{\"@type\":\"ReadAction\",\"target\":[\"https:\\\/\\\/gruptort.com\\\/ca\\\/promociones\\\/habitatges-unifamiliars-obra-nova-la-garriga\\\/\"]}]},{\"@type\":\"ImageObject\",\"inLanguage\":\"ca\",\"@id\":\"https:\\\/\\\/gruptort.com\\\/ca\\\/promociones\\\/habitatges-unifamiliars-obra-nova-la-garriga\\\/#primaryimage\",\"url\":\"https:\\\/\\\/gruptort.com\\\/wp-content\\\/uploads\\\/promocion-casas-unifamiliares-la-garriga-ext-cat.jpg\",\"contentUrl\":\"https:\\\/\\\/gruptort.com\\\/wp-content\\\/uploads\\\/promocion-casas-unifamiliares-la-garriga-ext-cat.jpg\",\"width\":600,\"height\":337,\"caption\":\"Promoci\u00f3 de vivendes unifamiliars a La Garriga\"},{\"@type\":\"BreadcrumbList\",\"@id\":\"https:\\\/\\\/gruptort.com\\\/ca\\\/promociones\\\/habitatges-unifamiliars-obra-nova-la-garriga\\\/#breadcrumb\",\"itemListElement\":[{\"@type\":\"ListItem\",\"position\":1,\"name\":\"Home\",\"item\":\"https:\\\/\\\/gruptort.com\\\/ca\\\/\"},{\"@type\":\"ListItem\",\"position\":2,\"name\":\"Portfolio\",\"item\":\"https:\\\/\\\/gruptort.com\\\/ca\\\/promociones\\\/\"},{\"@type\":\"ListItem\",\"position\":3,\"name\":\"Habitatges unifamiliars d&#8217;obra nova La Garriga\"}]},{\"@type\":\"WebSite\",\"@id\":\"https:\\\/\\\/gruptort.com\\\/#website\",\"url\":\"https:\\\/\\\/gruptort.com\\\/\",\"name\":\"Grup Tort\",\"description\":\"\",\"publisher\":{\"@id\":\"https:\\\/\\\/gruptort.com\\\/#organization\"},\"potentialAction\":[{\"@type\":\"SearchAction\",\"target\":{\"@type\":\"EntryPoint\",\"urlTemplate\":\"https:\\\/\\\/gruptort.com\\\/?s={search_term_string}\"},\"query-input\":{\"@type\":\"PropertyValueSpecification\",\"valueRequired\":true,\"valueName\":\"search_term_string\"}}],\"inLanguage\":\"ca\"},{\"@type\":\"Organization\",\"@id\":\"https:\\\/\\\/gruptort.com\\\/#organization\",\"name\":\"Grup Tort\",\"url\":\"https:\\\/\\\/gruptort.com\\\/\",\"logo\":{\"@type\":\"ImageObject\",\"inLanguage\":\"ca\",\"@id\":\"https:\\\/\\\/gruptort.com\\\/#\\\/schema\\\/logo\\\/image\\\/\",\"url\":\"https:\\\/\\\/gruptort.com\\\/wp-content\\\/uploads\\\/tort-144.png\",\"contentUrl\":\"https:\\\/\\\/gruptort.com\\\/wp-content\\\/uploads\\\/tort-144.png\",\"width\":144,\"height\":125,\"caption\":\"Grup Tort\"},\"image\":{\"@id\":\"https:\\\/\\\/gruptort.com\\\/#\\\/schema\\\/logo\\\/image\\\/\"}}]}<\/script>\n<!-- \/ Yoast SEO plugin. -->","yoast_head_json":{"title":"Promoci\u00f3 cases unifamiliars La Garriga","description":"Grup Tort els ofereix l'oportunitat de viure en una destacada zona de La Garriga. En breu afegirem m\u00e9s informaci\u00f3 de la promoci\u00f3.","robots":{"index":"index","follow":"follow","max-snippet":"max-snippet:-1","max-image-preview":"max-image-preview:large","max-video-preview":"max-video-preview:-1"},"canonical":"https:\/\/gruptort.com\/ca\/promociones\/habitatges-unifamiliars-obra-nova-la-garriga\/","og_locale":"ca_ES","og_type":"article","og_title":"Promoci\u00f3 cases unifamiliars La Garriga","og_description":"Grup Tort els ofereix l'oportunitat de viure en una destacada zona de La Garriga. En breu afegirem m\u00e9s informaci\u00f3 de la promoci\u00f3.","og_url":"https:\/\/gruptort.com\/ca\/promociones\/habitatges-unifamiliars-obra-nova-la-garriga\/","og_site_name":"Grup Tort","article_modified_time":"2021-02-10T16:33:58+00:00","og_image":[{"width":600,"height":337,"url":"https:\/\/gruptort.com\/wp-content\/uploads\/promocion-casas-unifamiliares-la-garriga-ext-cat.jpg","type":"image\/jpeg"}],"twitter_card":"summary_large_image","twitter_misc":{"Temps estimat de lectura":"23 minuts"},"schema":{"@context":"https:\/\/schema.org","@graph":[{"@type":"WebPage","@id":"https:\/\/gruptort.com\/ca\/promociones\/habitatges-unifamiliars-obra-nova-la-garriga\/","url":"https:\/\/gruptort.com\/ca\/promociones\/habitatges-unifamiliars-obra-nova-la-garriga\/","name":"Promoci\u00f3 cases unifamiliars La Garriga","isPartOf":{"@id":"https:\/\/gruptort.com\/#website"},"primaryImageOfPage":{"@id":"https:\/\/gruptort.com\/ca\/promociones\/habitatges-unifamiliars-obra-nova-la-garriga\/#primaryimage"},"image":{"@id":"https:\/\/gruptort.com\/ca\/promociones\/habitatges-unifamiliars-obra-nova-la-garriga\/#primaryimage"},"thumbnailUrl":"https:\/\/gruptort.com\/wp-content\/uploads\/promocion-casas-unifamiliares-la-garriga-ext-cat.jpg","datePublished":"2020-02-10T14:45:55+00:00","dateModified":"2021-02-10T16:33:58+00:00","description":"Grup Tort els ofereix l'oportunitat de viure en una destacada zona de La Garriga. En breu afegirem m\u00e9s informaci\u00f3 de la promoci\u00f3.","breadcrumb":{"@id":"https:\/\/gruptort.com\/ca\/promociones\/habitatges-unifamiliars-obra-nova-la-garriga\/#breadcrumb"},"inLanguage":"ca","potentialAction":[{"@type":"ReadAction","target":["https:\/\/gruptort.com\/ca\/promociones\/habitatges-unifamiliars-obra-nova-la-garriga\/"]}]},{"@type":"ImageObject","inLanguage":"ca","@id":"https:\/\/gruptort.com\/ca\/promociones\/habitatges-unifamiliars-obra-nova-la-garriga\/#primaryimage","url":"https:\/\/gruptort.com\/wp-content\/uploads\/promocion-casas-unifamiliares-la-garriga-ext-cat.jpg","contentUrl":"https:\/\/gruptort.com\/wp-content\/uploads\/promocion-casas-unifamiliares-la-garriga-ext-cat.jpg","width":600,"height":337,"caption":"Promoci\u00f3 de vivendes unifamiliars a La Garriga"},{"@type":"BreadcrumbList","@id":"https:\/\/gruptort.com\/ca\/promociones\/habitatges-unifamiliars-obra-nova-la-garriga\/#breadcrumb","itemListElement":[{"@type":"ListItem","position":1,"name":"Home","item":"https:\/\/gruptort.com\/ca\/"},{"@type":"ListItem","position":2,"name":"Portfolio","item":"https:\/\/gruptort.com\/ca\/promociones\/"},{"@type":"ListItem","position":3,"name":"Habitatges unifamiliars d&#8217;obra nova La Garriga"}]},{"@type":"WebSite","@id":"https:\/\/gruptort.com\/#website","url":"https:\/\/gruptort.com\/","name":"Grup Tort","description":"","publisher":{"@id":"https:\/\/gruptort.com\/#organization"},"potentialAction":[{"@type":"SearchAction","target":{"@type":"EntryPoint","urlTemplate":"https:\/\/gruptort.com\/?s={search_term_string}"},"query-input":{"@type":"PropertyValueSpecification","valueRequired":true,"valueName":"search_term_string"}}],"inLanguage":"ca"},{"@type":"Organization","@id":"https:\/\/gruptort.com\/#organization","name":"Grup Tort","url":"https:\/\/gruptort.com\/","logo":{"@type":"ImageObject","inLanguage":"ca","@id":"https:\/\/gruptort.com\/#\/schema\/logo\/image\/","url":"https:\/\/gruptort.com\/wp-content\/uploads\/tort-144.png","contentUrl":"https:\/\/gruptort.com\/wp-content\/uploads\/tort-144.png","width":144,"height":125,"caption":"Grup Tort"},"image":{"@id":"https:\/\/gruptort.com\/#\/schema\/logo\/image\/"}}]}},"_links":{"self":[{"href":"https:\/\/gruptort.com\/ca\/wp-json\/wp\/v2\/avada_portfolio\/4125","targetHints":{"allow":["GET"]}}],"collection":[{"href":"https:\/\/gruptort.com\/ca\/wp-json\/wp\/v2\/avada_portfolio"}],"about":[{"href":"https:\/\/gruptort.com\/ca\/wp-json\/wp\/v2\/types\/avada_portfolio"}],"author":[{"embeddable":true,"href":"https:\/\/gruptort.com\/ca\/wp-json\/wp\/v2\/users\/1"}],"replies":[{"embeddable":true,"href":"https:\/\/gruptort.com\/ca\/wp-json\/wp\/v2\/comments?post=4125"}],"version-history":[{"count":18,"href":"https:\/\/gruptort.com\/ca\/wp-json\/wp\/v2\/avada_portfolio\/4125\/revisions"}],"predecessor-version":[{"id":5226,"href":"https:\/\/gruptort.com\/ca\/wp-json\/wp\/v2\/avada_portfolio\/4125\/revisions\/5226"}],"wp:featuredmedia":[{"embeddable":true,"href":"https:\/\/gruptort.com\/ca\/wp-json\/wp\/v2\/media\/5099"}],"wp:attachment":[{"href":"https:\/\/gruptort.com\/ca\/wp-json\/wp\/v2\/media?parent=4125"}],"wp:term":[{"taxonomy":"portfolio_category","embeddable":true,"href":"https:\/\/gruptort.com\/ca\/wp-json\/wp\/v2\/portfolio_category?post=4125"},{"taxonomy":"portfolio_skills","embeddable":true,"href":"https:\/\/gruptort.com\/ca\/wp-json\/wp\/v2\/portfolio_skills?post=4125"},{"taxonomy":"portfolio_tags","embeddable":true,"href":"https:\/\/gruptort.com\/ca\/wp-json\/wp\/v2\/portfolio_tags?post=4125"}],"curies":[{"name":"wp","href":"https:\/\/api.w.org\/{rel}","templated":true}]}}